{"id":1885,"date":"2022-10-13T12:01:35","date_gmt":"2022-10-13T10:01:35","guid":{"rendered":"https:\/\/plomberie-frans.fr\/?page_id=1885"},"modified":"2022-11-01T14:08:38","modified_gmt":"2022-11-01T13:08:38","slug":"climatisation","status":"publish","type":"page","link":"https:\/\/plomberie-frans.fr\/climatisation\/","title":{"rendered":"Climatisation"},"content":{"rendered":"\t\t<div data-elementor-type=\"wp-page\" data-elementor-id=\"1885\" class=\"elementor elementor-1885\" data-elementor-settings=\"[]\">\n\t\t\t\t\t\t<div class=\"elementor-inner\">\n\t\t\t\t\t\t\t<div class=\"elementor-section-wrap\">\n\t\t\t\t\t\t\t<section class=\"elementor-section elementor-top-section elementor-element elementor-element-32b053cd elementor-section-full_width elementor-section-stretched elementor-section-height-min-height elementor-section-height-default elementor-section-items-middle\" data-id=\"32b053cd\" data-element_type=\"section\" data-settings=\"{&quot;stretch_section&quot;:&quot;section-stretched&quot;,&quot;background_background&quot;:&quot;classic&quot;}\">\n\t\t\t\t\t\t\t<div class=\"elementor-background-overlay\"><\/div>\n\t\t\t\t\t\t\t<div class=\"elementor-container elementor-column-gap-default\">\n\t\t\t\t\t\t\t<div class=\"elementor-row\">\n\t\t\t\t\t<div class=\"elementor-column elementor-col-100 elementor-top-column elementor-element elementor-element-19110b69\" data-id=\"19110b69\" data-element_type=\"column\">\n\t\t\t<div class=\"elementor-column-wrap elementor-element-populated\">\n\t\t\t\t\t\t\t<div class=\"elementor-widget-wrap\">\n\t\t\t\t\t\t<div class=\"elementor-element elementor-element-e9dc28e elementor-mobile-align-center animated-slow elementor-align-center elementor-invisible elementor-widget elementor-widget-button\" data-id=\"e9dc28e\" data-element_type=\"widget\" data-settings=\"{&quot;_animation&quot;:&quot;fadeInDown&quot;}\" data-widget_type=\"button.default\">\n\t\t\t\t<div class=\"elementor-widget-container\">\n\t\t\t\t\t<div class=\"elementor-button-wrapper\">\n\t\t\t<a href=\"https:\/\/plomberie-frans.fr\/contact\/\" class=\"elementor-button-link elementor-button elementor-size-sm elementor-animation-pulse-shrink\" role=\"button\">\n\t\t\t\t\t\t<span class=\"elementor-button-content-wrapper\">\n\t\t\t\t\t\t<span class=\"elementor-button-icon elementor-align-icon-left\">\n\t\t\t\t<i aria-hidden=\"true\" class=\"fas fa-tools\"><\/i>\t\t\t<\/span>\n\t\t\t\t\t\t<span class=\"elementor-button-text\">CONTACTEZ-NOUS<\/span>\n\t\t<\/span>\n\t\t\t\t\t<\/a>\n\t\t<\/div>\n\t\t\t\t<\/div>\n\t\t\t\t<\/div>\n\t\t\t\t\t\t<\/div>\n\t\t\t\t\t<\/div>\n\t\t<\/div>\n\t\t\t\t\t\t\t\t<\/div>\n\t\t\t\t\t<\/div>\n\t\t<\/section>\n\t\t\t\t<section class=\"elementor-section elementor-top-section elementor-element elementor-element-45caa040 elementor-section-stretched elementor-section-boxed elementor-section-height-default elementor-section-height-default\" data-id=\"45caa040\" data-element_type=\"section\" data-settings=\"{&quot;stretch_section&quot;:&quot;section-stretched&quot;}\">\n\t\t\t\t\t\t<div class=\"elementor-container elementor-column-gap-default\">\n\t\t\t\t\t\t\t<div class=\"elementor-row\">\n\t\t\t\t\t<div class=\"elementor-column elementor-col-100 elementor-top-column elementor-element elementor-element-5a34ebe9\" data-id=\"5a34ebe9\" data-element_type=\"column\">\n\t\t\t<div class=\"elementor-column-wrap elementor-element-populated\">\n\t\t\t\t\t\t\t<div class=\"elementor-widget-wrap\">\n\t\t\t\t\t\t<div class=\"elementor-element elementor-element-bfe8fb1 animated-slow elementor-invisible elementor-widget elementor-widget-heading\" data-id=\"bfe8fb1\" data-element_type=\"widget\" data-settings=\"{&quot;_animation&quot;:&quot;fadeInLeft&quot;}\" data-widget_type=\"heading.default\">\n\t\t\t\t<div class=\"elementor-widget-container\">\n\t\t\t<h1 class=\"elementor-heading-title elementor-size-default\">Installation et entretien de syst\u00e8me de climatisation \u00e0  Villefranche-sur-Sa\u00f4ne\n\n\n<\/h1>\t\t<\/div>\n\t\t\t\t<\/div>\n\t\t\t\t<div class=\"elementor-element elementor-element-2d8ba746 elementor-widget-divider--view-line_icon elementor-view-default elementor-widget-divider--element-align-center elementor-widget elementor-widget-divider\" data-id=\"2d8ba746\" data-element_type=\"widget\" data-widget_type=\"divider.default\">\n\t\t\t\t<div class=\"elementor-widget-container\">\n\t\t\t\t\t<div class=\"elementor-divider\">\n\t\t\t<span class=\"elementor-divider-separator\">\n\t\t\t\t\t\t\t<div class=\"elementor-icon elementor-divider__element\">\n\t\t\t\t\t<i aria-hidden=\"true\" class=\"fas fa-tools\"><\/i><\/div>\n\t\t\t\t\t\t<\/span>\n\t\t<\/div>\n\t\t\t\t<\/div>\n\t\t\t\t<\/div>\n\t\t\t\t<div class=\"elementor-element elementor-element-523f5d95 elementor-widget elementor-widget-text-editor\" data-id=\"523f5d95\" data-element_type=\"widget\" data-widget_type=\"text-editor.default\">\n\t\t\t\t<div class=\"elementor-widget-container\">\n\t\t\t\t\t\t\t\t<div class=\"elementor-text-editor elementor-clearfix\">\n\t\t\t\t<p><a href=\"https:\/\/plomberie-frans.fr\/c\"><strong>Plombier \u00e0 Villefranche-sur-Sa\u00f4ne<\/strong><\/a> , je propose \u00e0 mes clients, qu\u2019ils soient particuliers ou professionnels, l\u2019installation et la r\u00e9vision des appareils de climatisation. Je les guide dans le choix de leur syst\u00e8me de climatisation en tenant compte de leurs exigences de confort et d&#8217;\u00e9conomie. De l&#8217;\u00e9tude \u00e0 l&#8217;installation de la climatisation, votre satisfaction fait ma r\u00e9putation.<\/p>\t\t\t\t\t<\/div>\n\t\t\t\t\t\t<\/div>\n\t\t\t\t<\/div>\n\t\t\t\t\t\t<\/div>\n\t\t\t\t\t<\/div>\n\t\t<\/div>\n\t\t\t\t\t\t\t\t<\/div>\n\t\t\t\t\t<\/div>\n\t\t<\/section>\n\t\t\t\t<section class=\"elementor-section elementor-top-section elementor-element elementor-element-2b077bbc elementor-section-content-middle elementor-section-stretched elementor-section-boxed elementor-section-height-default elementor-section-height-default\" data-id=\"2b077bbc\" data-element_type=\"section\" data-settings=\"{&quot;stretch_section&quot;:&quot;section-stretched&quot;}\">\n\t\t\t\t\t\t<div class=\"elementor-container elementor-column-gap-default\">\n\t\t\t\t\t\t\t<div class=\"elementor-row\">\n\t\t\t\t\t<div class=\"elementor-column elementor-col-50 elementor-top-column elementor-element elementor-element-4e855d14\" data-id=\"4e855d14\" data-element_type=\"column\">\n\t\t\t<div class=\"elementor-column-wrap elementor-element-populated\">\n\t\t\t\t\t\t\t<div class=\"elementor-widget-wrap\">\n\t\t\t\t\t\t<div class=\"elementor-element elementor-element-5ef19180 animated-slow elementor-invisible elementor-widget elementor-widget-image\" data-id=\"5ef19180\" data-element_type=\"widget\" data-settings=\"{&quot;_animation&quot;:&quot;fadeInLeft&quot;}\" data-widget_type=\"image.default\">\n\t\t\t\t<div class=\"elementor-widget-container\">\n\t\t\t\t\t\t\t\t<div class=\"elementor-image\">\n\t\t\t\t\t\t\t\t\t\t\t\t<img width=\"750\" height=\"1000\" src=\"https:\/\/plomberie-frans.fr\/wp-content\/uploads\/2022\/10\/climatisation-2-768x1024.jpeg\" class=\"attachment-large size-large\" alt=\"\" srcset=\"https:\/\/plomberie-frans.fr\/wp-content\/uploads\/2022\/10\/climatisation-2-768x1024.jpeg 768w, https:\/\/plomberie-frans.fr\/wp-content\/uploads\/2022\/10\/climatisation-2-scaled-600x800.jpeg 600w, https:\/\/plomberie-frans.fr\/wp-content\/uploads\/2022\/10\/climatisation-2-225x300.jpeg 225w, https:\/\/plomberie-frans.fr\/wp-content\/uploads\/2022\/10\/climatisation-2-1152x1536.jpeg 1152w, https:\/\/plomberie-frans.fr\/wp-content\/uploads\/2022\/10\/climatisation-2-1536x2048.jpeg 1536w, https:\/\/plomberie-frans.fr\/wp-content\/uploads\/2022\/10\/climatisation-2-1320x1760.jpeg 1320w, https:\/\/plomberie-frans.fr\/wp-content\/uploads\/2022\/10\/climatisation-2-scaled.jpeg 1920w\" sizes=\"(max-width: 750px) 100vw, 750px\" \/>\t\t\t\t\t\t\t\t\t\t\t\t\t\t<\/div>\n\t\t\t\t\t\t<\/div>\n\t\t\t\t<\/div>\n\t\t\t\t\t\t<\/div>\n\t\t\t\t\t<\/div>\n\t\t<\/div>\n\t\t\t\t<div class=\"elementor-column elementor-col-50 elementor-top-column elementor-element elementor-element-78d347f6 animated-slow elementor-invisible\" data-id=\"78d347f6\" data-element_type=\"column\" data-settings=\"{&quot;animation&quot;:&quot;fadeInRight&quot;}\">\n\t\t\t<div class=\"elementor-column-wrap elementor-element-populated\">\n\t\t\t\t\t\t\t<div class=\"elementor-widget-wrap\">\n\t\t\t\t\t\t<div class=\"elementor-element elementor-element-5d20d721 elementor-widget elementor-widget-heading\" data-id=\"5d20d721\" data-element_type=\"widget\" data-widget_type=\"heading.default\">\n\t\t\t\t<div class=\"elementor-widget-container\">\n\t\t\t<h2 class=\"elementor-heading-title elementor-size-default\">Rapprochez-vous de Thomas Bellet Plomberie pour installer et entretenir tous vos syst\u00e8mes de climatisation\n\n<\/h2>\t\t<\/div>\n\t\t\t\t<\/div>\n\t\t\t\t<div class=\"elementor-element elementor-element-d4556f3 elementor-widget elementor-widget-text-editor\" data-id=\"d4556f3\" data-element_type=\"widget\" data-widget_type=\"text-editor.default\">\n\t\t\t\t<div class=\"elementor-widget-container\">\n\t\t\t\t\t\t\t\t<div class=\"elementor-text-editor elementor-clearfix\">\n\t\t\t\t<p>Je suis en mesure d\u2019intervenir au sein de vos maisons individuelles, appartements ou b\u00e2timent afin<br \/>d\u2019effectuer vos travaux d\u2019installation compl\u00e8te de vos syst\u00e8mes de climatisation et assurer leur mise en service pr\u00e8s de Villefranche-sur-Sa\u00f4ne, quel qu\u2019en soit le type : climatiseurs mobiles monoblocs, climatiseurs mobiles \u00ab split \u00bb ou encore climatiseurs fixes \u00ab split \u00bb.<\/p><p>En optant pour une climatisation adapt\u00e9e et performante, vous b\u00e9n\u00e9ficiez d\u2019un confort en \u00e9t\u00e9 in\u00e9galable et d\u2019une ambiance rafra\u00eechissante. Modulables, certains mod\u00e8les de climatisation peuvent chauffer vos pi\u00e8ces de vie pendant l&#8217;hiver. C&#8217;est pour cela, que je vous aide \u00e0 trouver le climatiseur adapt\u00e9 \u00e0 vos besoins, selon votre mode de vie, les contraintes de votre espace int\u00e9rieur ainsi que votre budget.<\/p>\t\t\t\t\t<\/div>\n\t\t\t\t\t\t<\/div>\n\t\t\t\t<\/div>\n\t\t\t\t\t\t<\/div>\n\t\t\t\t\t<\/div>\n\t\t<\/div>\n\t\t\t\t\t\t\t\t<\/div>\n\t\t\t\t\t<\/div>\n\t\t<\/section>\n\t\t\t\t<section class=\"elementor-section elementor-top-section elementor-element elementor-element-2c5cc338 elementor-section-content-middle elementor-section-stretched elementor-reverse-tablet elementor-reverse-mobile elementor-section-boxed elementor-section-height-default elementor-section-height-default\" data-id=\"2c5cc338\" data-element_type=\"section\" data-settings=\"{&quot;stretch_section&quot;:&quot;section-stretched&quot;}\">\n\t\t\t\t\t\t<div class=\"elementor-container elementor-column-gap-default\">\n\t\t\t\t\t\t\t<div class=\"elementor-row\">\n\t\t\t\t\t<div class=\"elementor-column elementor-col-50 elementor-top-column elementor-element elementor-element-5c781232 animated-slow elementor-invisible\" data-id=\"5c781232\" data-element_type=\"column\" data-settings=\"{&quot;animation&quot;:&quot;fadeInLeft&quot;}\">\n\t\t\t<div class=\"elementor-column-wrap elementor-element-populated\">\n\t\t\t\t\t\t\t<div class=\"elementor-widget-wrap\">\n\t\t\t\t\t\t<div class=\"elementor-element elementor-element-76f0d4b1 elementor-widget elementor-widget-text-editor\" data-id=\"76f0d4b1\" data-element_type=\"widget\" data-widget_type=\"text-editor.default\">\n\t\t\t\t<div class=\"elementor-widget-container\">\n\t\t\t\t\t\t\t\t<div class=\"elementor-text-editor elementor-clearfix\">\n\t\t\t\t<p>Dans le cadre de l&#8217;installation de votre appareil de climatisation, j\u2019effectue scrupuleusement les op\u00e9rations de gainage dans le but de relier l\u2019unit\u00e9 int\u00e9rieure et le groupe ext\u00e9rieur.<\/p><p>En tant qu\u2019expert en climatisation pr\u00e8s de Frans, Belleville et Gleiz\u00e9, je prends en charge vos travaux d\u2019entretien de vos appareils de climatisation pour optimiser sa long\u00e9vit\u00e9 et booster ses performances. De m\u00eame, cette op\u00e9ration est importante dans la mesure o\u00f9 elle vous permet d&#8217;\u00e9viter la panne en pleine canicule. Pour ce faire, je proc\u00e8de au nettoyage en profondeur de l&#8217;unit\u00e9 int\u00e9rieure et ext\u00e9rieure du climatiseur \u00e0 l\u2019aide d\u2019\u00e9quipements sp\u00e9cifiques. Je d\u00e9gage \u00e9galement les sorties d&#8217;air et je remplace les filtres tr\u00e8s encrass\u00e9s, si cela est n\u00e9cessaire.<\/p><p><\/p>\t\t\t\t\t<\/div>\n\t\t\t\t\t\t<\/div>\n\t\t\t\t<\/div>\n\t\t\t\t\t\t<\/div>\n\t\t\t\t\t<\/div>\n\t\t<\/div>\n\t\t\t\t<div class=\"elementor-column elementor-col-50 elementor-top-column elementor-element elementor-element-2d1cd68c animated-slow elementor-invisible\" data-id=\"2d1cd68c\" data-element_type=\"column\" data-settings=\"{&quot;animation&quot;:&quot;fadeInRight&quot;}\">\n\t\t\t<div class=\"elementor-column-wrap elementor-element-populated\">\n\t\t\t\t\t\t\t<div class=\"elementor-widget-wrap\">\n\t\t\t\t\t\t<div class=\"elementor-element elementor-element-63c35a33 elementor-widget elementor-widget-image\" data-id=\"63c35a33\" data-element_type=\"widget\" data-widget_type=\"image.default\">\n\t\t\t\t<div class=\"elementor-widget-container\">\n\t\t\t\t\t\t\t\t<div class=\"elementor-image\">\n\t\t\t\t\t\t\t\t\t\t\t\t<img width=\"750\" height=\"1000\" src=\"https:\/\/plomberie-frans.fr\/wp-content\/uploads\/2022\/10\/clim-3-768x1024.jpeg\" class=\"attachment-large size-large\" alt=\"\" srcset=\"https:\/\/plomberie-frans.fr\/wp-content\/uploads\/2022\/10\/clim-3-768x1024.jpeg 768w, https:\/\/plomberie-frans.fr\/wp-content\/uploads\/2022\/10\/clim-3-scaled-600x800.jpeg 600w, https:\/\/plomberie-frans.fr\/wp-content\/uploads\/2022\/10\/clim-3-225x300.jpeg 225w, https:\/\/plomberie-frans.fr\/wp-content\/uploads\/2022\/10\/clim-3-1152x1536.jpeg 1152w, https:\/\/plomberie-frans.fr\/wp-content\/uploads\/2022\/10\/clim-3-1536x2048.jpeg 1536w, https:\/\/plomberie-frans.fr\/wp-content\/uploads\/2022\/10\/clim-3-1320x1760.jpeg 1320w, https:\/\/plomberie-frans.fr\/wp-content\/uploads\/2022\/10\/clim-3-scaled.jpeg 1920w\" sizes=\"(max-width: 750px) 100vw, 750px\" \/>\t\t\t\t\t\t\t\t\t\t\t\t\t\t<\/div>\n\t\t\t\t\t\t<\/div>\n\t\t\t\t<\/div>\n\t\t\t\t\t\t<\/div>\n\t\t\t\t\t<\/div>\n\t\t<\/div>\n\t\t\t\t\t\t\t\t<\/div>\n\t\t\t\t\t<\/div>\n\t\t<\/section>\n\t\t\t\t<section class=\"elementor-section elementor-top-section elementor-element elementor-element-6ca703f1 elementor-section-stretched animated-slow elementor-section-boxed elementor-section-height-default elementor-section-height-default elementor-invisible\" data-id=\"6ca703f1\" data-element_type=\"section\" data-settings=\"{&quot;stretch_section&quot;:&quot;section-stretched&quot;,&quot;background_background&quot;:&quot;classic&quot;,&quot;animation&quot;:&quot;fadeInUp&quot;}\">\n\t\t\t\t\t\t\t<div class=\"elementor-background-overlay\"><\/div>\n\t\t\t\t\t\t\t<div class=\"elementor-container elementor-column-gap-default\">\n\t\t\t\t\t\t\t<div class=\"elementor-row\">\n\t\t\t\t\t<div class=\"elementor-column elementor-col-100 elementor-top-column elementor-element elementor-element-64579d70\" data-id=\"64579d70\" data-element_type=\"column\">\n\t\t\t<div class=\"elementor-column-wrap elementor-element-populated\">\n\t\t\t\t\t\t\t<div class=\"elementor-widget-wrap\">\n\t\t\t\t\t\t<div class=\"elementor-element elementor-element-745bb18c elementor-widget-divider--view-line_icon elementor-view-default elementor-widget-divider--element-align-center elementor-widget elementor-widget-divider\" data-id=\"745bb18c\" data-element_type=\"widget\" data-widget_type=\"divider.default\">\n\t\t\t\t<div class=\"elementor-widget-container\">\n\t\t\t\t\t<div class=\"elementor-divider\">\n\t\t\t<span class=\"elementor-divider-separator\">\n\t\t\t\t\t\t\t<div class=\"elementor-icon elementor-divider__element\">\n\t\t\t\t\t<i aria-hidden=\"true\" class=\"fas fa-tools\"><\/i><\/div>\n\t\t\t\t\t\t<\/span>\n\t\t<\/div>\n\t\t\t\t<\/div>\n\t\t\t\t<\/div>\n\t\t\t\t<div class=\"elementor-element elementor-element-40669513 elementor-widget elementor-widget-text-editor\" data-id=\"40669513\" data-element_type=\"widget\" data-widget_type=\"text-editor.default\">\n\t\t\t\t<div class=\"elementor-widget-container\">\n\t\t\t\t\t\t\t\t<div class=\"elementor-text-editor elementor-clearfix\">\n\t\t\t\t<p>Pour plus de renseignements sur les travaux de climatisation, n\u2019h\u00e9sitez pas \u00e0 me <a href=\"https:\/\/plomberie-frans.fr\/contact\/\" title=\"Contact\"><strong>contacter<\/strong> <\/a>par t\u00e9l\u00e9phone au <a href=\"tel:0651743189\"><strong>06.51.74.31.89.<\/strong><\/a><\/p><p><\/p>\t\t\t\t\t<\/div>\n\t\t\t\t\t\t<\/div>\n\t\t\t\t<\/div>\n\t\t\t\t\t\t<\/div>\n\t\t\t\t\t<\/div>\n\t\t<\/div>\n\t\t\t\t\t\t\t\t<\/div>\n\t\t\t\t\t<\/div>\n\t\t<\/section>\n\t\t\t\t\t\t<\/div>\n\t\t\t\t\t\t<\/div>\n\t\t\t\t\t<\/div>\n\t\t","protected":false},"excerpt":{"rendered":"<p>CONTACTEZ-NOUS Installation et entretien de syst\u00e8me de climatisation \u00e0 Villefranche-sur-Sa\u00f4ne Plombier \u00e0 Villefranche-sur-Sa\u00f4ne , je propose \u00e0 mes clients, qu\u2019ils soient particuliers ou professionnels, l\u2019installation et la r\u00e9vision des appareils de climatisation. Je les guide dans le choix de leur syst\u00e8me de climatisation en tenant compte de leurs exigences de [&hellip;]<\/p>\n","protected":false},"author":31,"featured_media":0,"parent":0,"menu_order":0,"comment_status":"closed","ping_status":"closed","template":"","meta":[],"acf":[],"aioseo_notices":[],"_links":{"self":[{"href":"https:\/\/plomberie-frans.fr\/nov-apijson\/wp\/v2\/pages\/1885"}],"collection":[{"href":"https:\/\/plomberie-frans.fr\/nov-apijson\/wp\/v2\/pages"}],"about":[{"href":"https:\/\/plomberie-frans.fr\/nov-apijson\/wp\/v2\/types\/page"}],"author":[{"embeddable":true,"href":"https:\/\/plomberie-frans.fr\/nov-apijson\/wp\/v2\/users\/31"}],"replies":[{"embeddable":true,"href":"https:\/\/plomberie-frans.fr\/nov-apijson\/wp\/v2\/comments?post=1885"}],"version-history":[{"count":31,"href":"https:\/\/plomberie-frans.fr\/nov-apijson\/wp\/v2\/pages\/1885\/revisions"}],"predecessor-version":[{"id":2316,"href":"https:\/\/plomberie-frans.fr\/nov-apijson\/wp\/v2\/pages\/1885\/revisions\/2316"}],"wp:attachment":[{"href":"https:\/\/plomberie-frans.fr\/nov-apijson\/wp\/v2\/media?parent=1885"}],"curies":[{"name":"wp","href":"https:\/\/api.w.org\/{rel}","templated":true}]}}